{"id":20272,"date":"2020-10-21T09:59:56","date_gmt":"2020-10-21T09:59:56","guid":{"rendered":"http:\/\/katolicka-gimnazija.hr\/?page_id=20272"},"modified":"2020-10-21T10:08:33","modified_gmt":"2020-10-21T10:08:33","slug":"trajna-formacija-djelatnika-katolickih-skola","status":"publish","type":"page","link":"https:\/\/katolicka-gimnazija.hr\/index.php\/naslovna-2\/trajna-formacija-djelatnika-katolickih-skola\/","title":{"rendered":"Trajna formacija djelatnika katoli\u010dkih \u0161kola"},"content":{"rendered":"<p>S ciljem trajne formacije djelatnika katoli\u010dkih \u0161kola u Republici Hrvatskoj Nacionalni ured za katoli\u010dke \u0161kole organizirao je u ovim specifi\u010dnim uvjetima poseban model formacije koji je podrazumijevao tri predavanja koja su snimljena na Katoli\u010dkom sveu\u010dili\u0161tu u Zagrebu, a koje su djelatnici pratili u svojim mati\u010dnim \u0161kolama, te dvije radionice koje su provodili pojedini profesori sa svojim kolegama. Trajna formacija u Katoli\u010dkoj gimnaziji s pravom javnosti organizirana je na Dan \u0161kole u poslijepodnevnim satima nakon sve\u010danog euharistijskog slavlja koje je predvodio apostolski nuncij u Republici Hrvatskoj msgr. Giorgio Lingua, zajedno s doma\u0107im biskupom msgr. Antunom \u0160kvor\u010devi\u0107em te biskupima \u0111akova\u010dke metropolije. Nakon blagovanja za stolom Rije\u010di i euharistijskoga kruha, okrijepili smo se i za zajedni\u010dkim stolom \u0161to je bio preduvjet za dobru cjelodnevnu formaciju.<\/p>\n<p><strong><em>Formacija kroz predavanja i radionice<\/em><\/strong><\/p>\n<p>Stru\u010dno usavr\u0161avanje djelatnika Katoli\u010dke gimnazije u Po\u017eegi otvorio je molitvom vl\u010d. Krunoslav Siroglavi\u0107, vjerou\u010ditelj. Po zavr\u0161etku molitve zapo\u010delo je prvo p<img loading=\"lazy\" decoding=\"async\" class=\"size-medium wp-image-20279 alignright\" src=\"http:\/\/katolicka-gimnazija.hr\/wp-content\/uploads\/2020\/10\/DSC_0019-300x200.jpg\" alt=\"\" width=\"300\" height=\"200\" srcset=\"https:\/\/katolicka-gimnazija.hr\/wp-content\/uploads\/2020\/10\/DSC_0019-300x200.jpg 300w, https:\/\/katolicka-gimnazija.hr\/wp-content\/uploads\/2020\/10\/DSC_0019-1024x683.jpg 1024w, https:\/\/katolicka-gimnazija.hr\/wp-content\/uploads\/2020\/10\/DSC_0019-768x512.jpg 768w, https:\/\/katolicka-gimnazija.hr\/wp-content\/uploads\/2020\/10\/DSC_0019-1536x1024.jpg 1536w, https:\/\/katolicka-gimnazija.hr\/wp-content\/uploads\/2020\/10\/DSC_0019-400x267.jpg 400w, https:\/\/katolicka-gimnazija.hr\/wp-content\/uploads\/2020\/10\/DSC_0019.jpg 1800w\" sizes=\"auto, (max-width: 300px) 100vw, 300px\" \/>redavanje na temu <em>\u201eIsus \u2013 lije\u010dnik\u201c<\/em>, koje je pripremio doc. dr. sc. An\u0111elo Maly, profesor na Katoli\u010dkom bogoslovnom fakultetu u Zagrebu. Predavanje je zapo\u010deo \u010ditanjem evan\u0111eoskog ulomka iz Lk 6,6-11, kojim je htio dati odgovor na neka od sljede\u0107ih pitanja: \u0161to sveto Pismo govori o pojmu \u201eosoba\u201c i o njezinoj tjelesnosti, kako Bog vra\u0107a pojedincu i zajednici cjelovitost kroz ozdravljenje te kako shvatiti bolest i ozdravljenje. Citiraju\u0107i najva\u017enija svetopisamska mjesta na kojima se spominju termini meso, tijelo, du\u0161a, \u017eivo bi\u0107e, istaknuo je kako su narodi Svetoga Pisma razli\u010dito shva\u0107ali spomenute pojmove od nas koji \u017eivimo toliko godina nakon njih. \u017delio je time re\u0107i kako Krist nije ozdravljao kod ljudi samo ono prema \u010demu mi usmjeravamo ozdravljenje (tijelo, konkretna bolest), nego je ozdravljao i me\u0111uljudske odnose, duhovne bolesti i opredijeljenost za \u017eivotne vrijednosti. Predava\u010d je spomenuo razli\u010dite Isusove \u201eanamneze\u201c ili podru\u010dja kojima je on pristupao ljudima optere\u0107enima raznim pote\u0161ko\u0107ama: otorinolaringologija, oftalmologija, dermatologija i obiteljska medicina, kako bi dao terapiju za izlije\u010dene i mogu\u0107nost da sama bolesna osoba djeluje nakon ozdravljenja.<\/p>\n<p>Drugo video-predavanje <em>\u0160kola kao prostor razvoja osobnog, socijalnog i profesionalnog identiteta u\u010denika <\/em>odr\u017eao nam je prof. dr. sc. Josip Buru\u0161i\u0107 s Instituta dru\u0161tvenih znanosti Ivo Pilar.\u00a0 Sudionicima su prezentirana brojna znanstvena upori\u0161ta bitna za izgradnju u\u010deni\u010dkog identiteta te se me\u0111u sudionicima stru\u010dnog skupa dodatno iskristalizirala potreba sustavnijeg pra\u0107enja i uvida u obiteljske i socijalne prilike u\u010denika kako bi se mladi u katoli\u010dkoj \u0161koli mogli \u0161to ravnopravnije odgajati za \u017eivot.<\/p>\n<p>Nakon izvrsnog i poticajnog predavanja doc. dr. sc. Krunoslava Novaka, s Hrvatskog katoli\u010dkog sveu\u010dili\u0161ta <em>Pozitivna komunikacija kao temelj za dobru suradnju<\/em>, odr\u017eana je i istoimena radionica\u00a0 s\u00a0\u00a0ciljem<strong>\u00a0<\/strong>osvijestiti da na\u010din komunikacije utje\u010de na me\u0111uljudske odnose jer o nama ovisi vodimo li ra\u010duna o drugima i samim time doprinosimo zajedni\u0161tvu i suradnji. Radionicu je izvela Nikolina Bodolovi\u0107, stru\u010dna suradnica psihologinja. Sudionici su procijenili vlastite na\u010dine <a href=\"http:\/\/katolicka-gimnazija.hr\/wp-content\/uploads\/2020\/10\/DSC_0061.jpg\"><img loading=\"lazy\" decoding=\"async\" class=\"alignleft size-medium wp-image-20284\" src=\"http:\/\/katolicka-gimnazija.hr\/wp-content\/uploads\/2020\/10\/DSC_0061-300x200.jpg\" alt=\"\" width=\"300\" height=\"200\" srcset=\"https:\/\/katolicka-gimnazija.hr\/wp-content\/uploads\/2020\/10\/DSC_0061-300x200.jpg 300w, https:\/\/katolicka-gimnazija.hr\/wp-content\/uploads\/2020\/10\/DSC_0061-1024x683.jpg 1024w, https:\/\/katolicka-gimnazija.hr\/wp-content\/uploads\/2020\/10\/DSC_0061-768x512.jpg 768w, https:\/\/katolicka-gimnazija.hr\/wp-content\/uploads\/2020\/10\/DSC_0061-1536x1024.jpg 1536w, https:\/\/katolicka-gimnazija.hr\/wp-content\/uploads\/2020\/10\/DSC_0061-400x267.jpg 400w, https:\/\/katolicka-gimnazija.hr\/wp-content\/uploads\/2020\/10\/DSC_0061.jpg 1800w\" sizes=\"auto, (max-width: 300px) 100vw, 300px\" \/><\/a>komunikacije prilo\u017eenim upitnikom. Naglasili smo koliko\u00a0je va\u017eno da si posvijestimo da je komunikacija\u00a0<em>neizbje\u017ena \u2013 <\/em>u interpersonalnoj situaciji nije mogu\u0107e\u00a0<em>ne<\/em>komunicirati, da je\u00a0 komunikacija je\u00a0<em>nepovratna<\/em>\u00a0\u2013 jednom poslana poruka ne mo\u017ee se povu\u0107i, \u0161to je jako va\u017eno u radu s djecom i mladima, te da je komunikacija\u00a0\u00a0<em>neponovljiva &#8211; <\/em>nemogu\u0107e je ponoviti potpuno istu situaciju zato je va\u017eno ne stvarati unaprijed scenarije onoga \u0161to \u0107emo re\u0107i i kako \u0107emo nekom ne\u0161to re\u0107i. U\u00a0parovima smo analizirali vlastite komunikacijske vje\u0161tine te predlagali\u00a0\u00a0mogu\u0107e strategije pobolj\u0161anja na temelju odslu\u0161anog predavanja.\u00a0\u010culi smo na predavanju \u0161to je asertivna komunikacija. To je stil komuniciranja koji karakterizira jasno izra\u017eavanje na\u0161ih zahtjeva po na\u010delu: aktivno slu\u0161am druge te isto tra\u017eim za sebe. Ne okoli\u0161am, iskazujem svoje osje\u0107aje i o\u010dekivanja te znam uputiti drugima iskrenu pohvalu, ali i konstruktivnu kritiku. Naizgled se \u010dini vrlo jednostavno, ali na\u017ealost, u praksi znamo koliko nam je nekada te\u0161ko zauzeti se za sebe, zatra\u017eiti ne\u0161to za sebe, ili jednostavno re\u0107i NE. Zato smo kroz zanimljivu aktivnost igre uloga vje\u017ebali asertivnu komunikaciju u situaciji kada smo napadnuti. Pritom smo vje\u017ebali parafraziranje, reflektiranje osje\u0107aja i empatiju prema sugovorniku. Na kraju smo ponovili svoje znanje o Ja porukama i njihovoj snazi u svakodnevnoj primjeni, te podijeliv\u0161i radne materijale sudionicima stru\u010dnog skupa, zaklju\u010dili &#8211; uljudna energi\u010dnost i pristojna odlu\u010dnost otvoriti \u0107e nam mnoga vrata.<\/p>\n<p>Tekst: Nikolina Bodolovi\u0107, prof., vl\u010d. Krunoslav Siroglavi\u0107<\/p>\n<div id='gallery-1' class='gallery galleryid-20272 gallery-columns-3 gallery-size-medium'><figure class='gallery-item'>\n\t\t\t<div class='gallery-icon landscape'>\n\t\t\t\t<a href='https:\/\/katolicka-gimnazija.hr\/wp-content\/uploads\/2020\/10\/DSC_0062.jpg'><img loading=\"lazy\" decoding=\"async\" width=\"300\" height=\"200\" src=\"https:\/\/katolicka-gimnazija.hr\/wp-content\/uploads\/2020\/10\/DSC_0062-300x200.jpg\" class=\"attachment-medium size-medium\" alt=\"\" srcset=\"https:\/\/katolicka-gimnazija.hr\/wp-content\/uploads\/2020\/10\/DSC_0062-300x200.jpg 300w, https:\/\/katolicka-gimnazija.hr\/wp-content\/uploads\/2020\/10\/DSC_0062-1024x683.jpg 1024w, https:\/\/katolicka-gimnazija.hr\/wp-content\/uploads\/2020\/10\/DSC_0062-768x512.jpg 768w, https:\/\/katolicka-gimnazija.hr\/wp-content\/uploads\/2020\/10\/DSC_0062-1536x1024.jpg 1536w, https:\/\/katolicka-gimnazija.hr\/wp-content\/uploads\/2020\/10\/DSC_0062-400x267.jpg 400w, https:\/\/katolicka-gimnazija.hr\/wp-content\/uploads\/2020\/10\/DSC_0062.jpg 1800w\" sizes=\"auto, (max-width: 300px) 100vw, 300px\" \/><\/a>\n\t\t\t<\/div><\/figure><figure class='gallery-item'>\n\t\t\t<div class='gallery-icon landscape'>\n\t\t\t\t<a href='https:\/\/katolicka-gimnazija.hr\/wp-content\/uploads\/2020\/10\/DSC_0019.jpg'><img loading=\"lazy\" decoding=\"async\" width=\"300\" height=\"200\" src=\"https:\/\/katolicka-gimnazija.hr\/wp-content\/uploads\/2020\/10\/DSC_0019-300x200.jpg\" class=\"attachment-medium size-medium\" alt=\"\" srcset=\"https:\/\/katolicka-gimnazija.hr\/wp-content\/uploads\/2020\/10\/DSC_0019-300x200.jpg 300w, https:\/\/katolicka-gimnazija.hr\/wp-content\/uploads\/2020\/10\/DSC_0019-1024x683.jpg 1024w, https:\/\/katolicka-gimnazija.hr\/wp-content\/uploads\/2020\/10\/DSC_0019-768x512.jpg 768w, https:\/\/katolicka-gimnazija.hr\/wp-content\/uploads\/2020\/10\/DSC_0019-1536x1024.jpg 1536w, https:\/\/katolicka-gimnazija.hr\/wp-content\/uploads\/2020\/10\/DSC_0019-400x267.jpg 400w, https:\/\/katolicka-gimnazija.hr\/wp-content\/uploads\/2020\/10\/DSC_0019.jpg 1800w\" sizes=\"auto, (max-width: 300px) 100vw, 300px\" \/><\/a>\n\t\t\t<\/div><\/figure><figure class='gallery-item'>\n\t\t\t<div class='gallery-icon landscape'>\n\t\t\t\t<a href='https:\/\/katolicka-gimnazija.hr\/wp-content\/uploads\/2020\/10\/DSC_0026.jpg'><img loading=\"lazy\" decoding=\"async\" width=\"300\" height=\"200\" src=\"https:\/\/katolicka-gimnazija.hr\/wp-content\/uploads\/2020\/10\/DSC_0026-300x200.jpg\" class=\"attachment-medium size-medium\" alt=\"\" srcset=\"https:\/\/katolicka-gimnazija.hr\/wp-content\/uploads\/2020\/10\/DSC_0026-300x200.jpg 300w, https:\/\/katolicka-gimnazija.hr\/wp-content\/uploads\/2020\/10\/DSC_0026-1024x683.jpg 1024w, https:\/\/katolicka-gimnazija.hr\/wp-content\/uploads\/2020\/10\/DSC_0026-768x512.jpg 768w, https:\/\/katolicka-gimnazija.hr\/wp-content\/uploads\/2020\/10\/DSC_0026-1536x1024.jpg 1536w, https:\/\/katolicka-gimnazija.hr\/wp-content\/uploads\/2020\/10\/DSC_0026-400x267.jpg 400w, https:\/\/katolicka-gimnazija.hr\/wp-content\/uploads\/2020\/10\/DSC_0026.jpg 1800w\" sizes=\"auto, (max-width: 300px) 100vw, 300px\" \/><\/a>\n\t\t\t<\/div><\/figure><figure class='gallery-item'>\n\t\t\t<div class='gallery-icon landscape'>\n\t\t\t\t<a href='https:\/\/katolicka-gimnazija.hr\/wp-content\/uploads\/2020\/10\/DSC_0087.jpg'><img loading=\"lazy\" decoding=\"async\" width=\"300\" height=\"200\" src=\"https:\/\/katolicka-gimnazija.hr\/wp-content\/uploads\/2020\/10\/DSC_0087-300x200.jpg\" class=\"attachment-medium size-medium\" alt=\"\" srcset=\"https:\/\/katolicka-gimnazija.hr\/wp-content\/uploads\/2020\/10\/DSC_0087-300x200.jpg 300w, https:\/\/katolicka-gimnazija.hr\/wp-content\/uploads\/2020\/10\/DSC_0087-1024x683.jpg 1024w, https:\/\/katolicka-gimnazija.hr\/wp-content\/uploads\/2020\/10\/DSC_0087-768x512.jpg 768w, https:\/\/katolicka-gimnazija.hr\/wp-content\/uploads\/2020\/10\/DSC_0087-1536x1024.jpg 1536w, https:\/\/katolicka-gimnazija.hr\/wp-content\/uploads\/2020\/10\/DSC_0087-400x267.jpg 400w, https:\/\/katolicka-gimnazija.hr\/wp-content\/uploads\/2020\/10\/DSC_0087.jpg 1800w\" sizes=\"auto, (max-width: 300px) 100vw, 300px\" \/><\/a>\n\t\t\t<\/div><\/figure><figure class='gallery-item'>\n\t\t\t<div class='gallery-icon landscape'>\n\t\t\t\t<a href='https:\/\/katolicka-gimnazija.hr\/wp-content\/uploads\/2020\/10\/DSC_0061.jpg'><img loading=\"lazy\" decoding=\"async\" width=\"300\" height=\"200\" src=\"https:\/\/katolicka-gimnazija.hr\/wp-content\/uploads\/2020\/10\/DSC_0061-300x200.jpg\" class=\"attachment-medium size-medium\" alt=\"\" srcset=\"https:\/\/katolicka-gimnazija.hr\/wp-content\/uploads\/2020\/10\/DSC_0061-300x200.jpg 300w, https:\/\/katolicka-gimnazija.hr\/wp-content\/uploads\/2020\/10\/DSC_0061-1024x683.jpg 1024w, https:\/\/katolicka-gimnazija.hr\/wp-content\/uploads\/2020\/10\/DSC_0061-768x512.jpg 768w, https:\/\/katolicka-gimnazija.hr\/wp-content\/uploads\/2020\/10\/DSC_0061-1536x1024.jpg 1536w, https:\/\/katolicka-gimnazija.hr\/wp-content\/uploads\/2020\/10\/DSC_0061-400x267.jpg 400w, https:\/\/katolicka-gimnazija.hr\/wp-content\/uploads\/2020\/10\/DSC_0061.jpg 1800w\" sizes=\"auto, (max-width: 300px) 100vw, 300px\" \/><\/a>\n\t\t\t<\/div><\/figure><figure class='gallery-item'>\n\t\t\t<div class='gallery-icon landscape'>\n\t\t\t\t<a href='https:\/\/katolicka-gimnazija.hr\/wp-content\/uploads\/2020\/10\/DSC_0010.jpg'><img loading=\"lazy\" decoding=\"async\" width=\"300\" height=\"200\" src=\"https:\/\/katolicka-gimnazija.hr\/wp-content\/uploads\/2020\/10\/DSC_0010-300x200.jpg\" class=\"attachment-medium size-medium\" alt=\"\" srcset=\"https:\/\/katolicka-gimnazija.hr\/wp-content\/uploads\/2020\/10\/DSC_0010-300x200.jpg 300w, https:\/\/katolicka-gimnazija.hr\/wp-content\/uploads\/2020\/10\/DSC_0010-1024x683.jpg 1024w, https:\/\/katolicka-gimnazija.hr\/wp-content\/uploads\/2020\/10\/DSC_0010-768x512.jpg 768w, https:\/\/katolicka-gimnazija.hr\/wp-content\/uploads\/2020\/10\/DSC_0010-1536x1024.jpg 1536w, https:\/\/katolicka-gimnazija.hr\/wp-content\/uploads\/2020\/10\/DSC_0010-400x267.jpg 400w, https:\/\/katolicka-gimnazija.hr\/wp-content\/uploads\/2020\/10\/DSC_0010.jpg 1800w\" sizes=\"auto, (max-width: 300px) 100vw, 300px\" \/><\/a>\n\t\t\t<\/div><\/figure><figure class='gallery-item'>\n\t\t\t<div class='gallery-icon landscape'>\n\t\t\t\t<a href='https:\/\/katolicka-gimnazija.hr\/wp-content\/uploads\/2020\/10\/DSC_0023.jpg'><img loading=\"lazy\" decoding=\"async\" width=\"300\" height=\"200\" src=\"https:\/\/katolicka-gimnazija.hr\/wp-content\/uploads\/2020\/10\/DSC_0023-300x200.jpg\" class=\"attachment-medium size-medium\" alt=\"\" srcset=\"https:\/\/katolicka-gimnazija.hr\/wp-content\/uploads\/2020\/10\/DSC_0023-300x200.jpg 300w, https:\/\/katolicka-gimnazija.hr\/wp-content\/uploads\/2020\/10\/DSC_0023-1024x683.jpg 1024w, https:\/\/katolicka-gimnazija.hr\/wp-content\/uploads\/2020\/10\/DSC_0023-768x512.jpg 768w, https:\/\/katolicka-gimnazija.hr\/wp-content\/uploads\/2020\/10\/DSC_0023-1536x1024.jpg 1536w, https:\/\/katolicka-gimnazija.hr\/wp-content\/uploads\/2020\/10\/DSC_0023-400x267.jpg 400w, https:\/\/katolicka-gimnazija.hr\/wp-content\/uploads\/2020\/10\/DSC_0023.jpg 1800w\" sizes=\"auto, (max-width: 300px) 100vw, 300px\" \/><\/a>\n\t\t\t<\/div><\/figure><figure class='gallery-item'>\n\t\t\t<div class='gallery-icon landscape'>\n\t\t\t\t<a href='https:\/\/katolicka-gimnazija.hr\/wp-content\/uploads\/2020\/10\/DSC_0024.jpg'><img loading=\"lazy\" decoding=\"async\" width=\"300\" height=\"200\" src=\"https:\/\/katolicka-gimnazija.hr\/wp-content\/uploads\/2020\/10\/DSC_0024-300x200.jpg\" class=\"attachment-medium size-medium\" alt=\"\" srcset=\"https:\/\/katolicka-gimnazija.hr\/wp-content\/uploads\/2020\/10\/DSC_0024-300x200.jpg 300w, https:\/\/katolicka-gimnazija.hr\/wp-content\/uploads\/2020\/10\/DSC_0024-1024x683.jpg 1024w, https:\/\/katolicka-gimnazija.hr\/wp-content\/uploads\/2020\/10\/DSC_0024-768x512.jpg 768w, https:\/\/katolicka-gimnazija.hr\/wp-content\/uploads\/2020\/10\/DSC_0024-1536x1024.jpg 1536w, https:\/\/katolicka-gimnazija.hr\/wp-content\/uploads\/2020\/10\/DSC_0024-400x267.jpg 400w, https:\/\/katolicka-gimnazija.hr\/wp-content\/uploads\/2020\/10\/DSC_0024.jpg 1800w\" sizes=\"auto, (max-width: 300px) 100vw, 300px\" \/><\/a>\n\t\t\t<\/div><\/figure><figure class='gallery-item'>\n\t\t\t<div class='gallery-icon landscape'>\n\t\t\t\t<a href='https:\/\/katolicka-gimnazija.hr\/wp-content\/uploads\/2020\/10\/DSC_0032.jpg'><img loading=\"lazy\" decoding=\"async\" width=\"300\" height=\"200\" src=\"https:\/\/katolicka-gimnazija.hr\/wp-content\/uploads\/2020\/10\/DSC_0032-300x200.jpg\" class=\"attachment-medium size-medium\" alt=\"\" srcset=\"https:\/\/katolicka-gimnazija.hr\/wp-content\/uploads\/2020\/10\/DSC_0032-300x200.jpg 300w, https:\/\/katolicka-gimnazija.hr\/wp-content\/uploads\/2020\/10\/DSC_0032-1024x683.jpg 1024w, https:\/\/katolicka-gimnazija.hr\/wp-content\/uploads\/2020\/10\/DSC_0032-768x512.jpg 768w, https:\/\/katolicka-gimnazija.hr\/wp-content\/uploads\/2020\/10\/DSC_0032-1536x1024.jpg 1536w, https:\/\/katolicka-gimnazija.hr\/wp-content\/uploads\/2020\/10\/DSC_0032-400x267.jpg 400w, https:\/\/katolicka-gimnazija.hr\/wp-content\/uploads\/2020\/10\/DSC_0032.jpg 1800w\" sizes=\"auto, (max-width: 300px) 100vw, 300px\" \/><\/a>\n\t\t\t<\/div><\/figure><figure class='gallery-item'>\n\t\t\t<div class='gallery-icon landscape'>\n\t\t\t\t<a href='https:\/\/katolicka-gimnazija.hr\/wp-content\/uploads\/2020\/10\/DSC_0092.jpg'><img loading=\"lazy\" decoding=\"async\" width=\"300\" height=\"200\" src=\"https:\/\/katolicka-gimnazija.hr\/wp-content\/uploads\/2020\/10\/DSC_0092-300x200.jpg\" class=\"attachment-medium size-medium\" alt=\"\" srcset=\"https:\/\/katolicka-gimnazija.hr\/wp-content\/uploads\/2020\/10\/DSC_0092-300x200.jpg 300w, https:\/\/katolicka-gimnazija.hr\/wp-content\/uploads\/2020\/10\/DSC_0092-1024x683.jpg 1024w, https:\/\/katolicka-gimnazija.hr\/wp-content\/uploads\/2020\/10\/DSC_0092-768x512.jpg 768w, https:\/\/katolicka-gimnazija.hr\/wp-content\/uploads\/2020\/10\/DSC_0092-1536x1024.jpg 1536w, https:\/\/katolicka-gimnazija.hr\/wp-content\/uploads\/2020\/10\/DSC_0092-400x267.jpg 400w, https:\/\/katolicka-gimnazija.hr\/wp-content\/uploads\/2020\/10\/DSC_0092.jpg 1800w\" sizes=\"auto, (max-width: 300px) 100vw, 300px\" \/><\/a>\n\t\t\t<\/div><\/figure><figure class='gallery-item'>\n\t\t\t<div class='gallery-icon landscape'>\n\t\t\t\t<a href='https:\/\/katolicka-gimnazija.hr\/wp-content\/uploads\/2020\/10\/DSC_0039.jpg'><img loading=\"lazy\" decoding=\"async\" width=\"300\" height=\"200\" src=\"https:\/\/katolicka-gimnazija.hr\/wp-content\/uploads\/2020\/10\/DSC_0039-300x200.jpg\" class=\"attachment-medium size-medium\" alt=\"\" srcset=\"https:\/\/katolicka-gimnazija.hr\/wp-content\/uploads\/2020\/10\/DSC_0039-300x200.jpg 300w, https:\/\/katolicka-gimnazija.hr\/wp-content\/uploads\/2020\/10\/DSC_0039-1024x683.jpg 1024w, https:\/\/katolicka-gimnazija.hr\/wp-content\/uploads\/2020\/10\/DSC_0039-768x512.jpg 768w, https:\/\/katolicka-gimnazija.hr\/wp-content\/uploads\/2020\/10\/DSC_0039-1536x1024.jpg 1536w, https:\/\/katolicka-gimnazija.hr\/wp-content\/uploads\/2020\/10\/DSC_0039-400x267.jpg 400w, https:\/\/katolicka-gimnazija.hr\/wp-content\/uploads\/2020\/10\/DSC_0039.jpg 1800w\" sizes=\"auto, (max-width: 300px) 100vw, 300px\" \/><\/a>\n\t\t\t<\/div><\/figure><figure class='gallery-item'>\n\t\t\t<div class='gallery-icon landscape'>\n\t\t\t\t<a href='https:\/\/katolicka-gimnazija.hr\/wp-content\/uploads\/2020\/10\/DSC_0080.jpg'><img loading=\"lazy\" decoding=\"async\" width=\"300\" height=\"200\" src=\"https:\/\/katolicka-gimnazija.hr\/wp-content\/uploads\/2020\/10\/DSC_0080-300x200.jpg\" class=\"attachment-medium size-medium\" alt=\"\" srcset=\"https:\/\/katolicka-gimnazija.hr\/wp-content\/uploads\/2020\/10\/DSC_0080-300x200.jpg 300w, https:\/\/katolicka-gimnazija.hr\/wp-content\/uploads\/2020\/10\/DSC_0080-1024x683.jpg 1024w, https:\/\/katolicka-gimnazija.hr\/wp-content\/uploads\/2020\/10\/DSC_0080-768x512.jpg 768w, https:\/\/katolicka-gimnazija.hr\/wp-content\/uploads\/2020\/10\/DSC_0080-1536x1024.jpg 1536w, https:\/\/katolicka-gimnazija.hr\/wp-content\/uploads\/2020\/10\/DSC_0080-400x267.jpg 400w, https:\/\/katolicka-gimnazija.hr\/wp-content\/uploads\/2020\/10\/DSC_0080.jpg 1800w\" sizes=\"auto, (max-width: 300px) 100vw, 300px\" \/><\/a>\n\t\t\t<\/div><\/figure><figure class='gallery-item'>\n\t\t\t<div class='gallery-icon landscape'>\n\t\t\t\t<a href='https:\/\/katolicka-gimnazija.hr\/wp-content\/uploads\/2020\/10\/DSC_0064.jpg'><img loading=\"lazy\" decoding=\"async\" width=\"300\" height=\"200\" src=\"https:\/\/katolicka-gimnazija.hr\/wp-content\/uploads\/2020\/10\/DSC_0064-300x200.jpg\" class=\"attachment-medium size-medium\" alt=\"\" srcset=\"https:\/\/katolicka-gimnazija.hr\/wp-content\/uploads\/2020\/10\/DSC_0064-300x200.jpg 300w, https:\/\/katolicka-gimnazija.hr\/wp-content\/uploads\/2020\/10\/DSC_0064-1024x683.jpg 1024w, https:\/\/katolicka-gimnazija.hr\/wp-content\/uploads\/2020\/10\/DSC_0064-768x512.jpg 768w, https:\/\/katolicka-gimnazija.hr\/wp-content\/uploads\/2020\/10\/DSC_0064-1536x1024.jpg 1536w, https:\/\/katolicka-gimnazija.hr\/wp-content\/uploads\/2020\/10\/DSC_0064-400x267.jpg 400w, https:\/\/katolicka-gimnazija.hr\/wp-content\/uploads\/2020\/10\/DSC_0064.jpg 1800w\" sizes=\"auto, (max-width: 300px) 100vw, 300px\" \/><\/a>\n\t\t\t<\/div><\/figure><figure class='gallery-item'>\n\t\t\t<div class='gallery-icon landscape'>\n\t\t\t\t<a href='https:\/\/katolicka-gimnazija.hr\/wp-content\/uploads\/2020\/10\/DSC_0017.jpg'><img loading=\"lazy\" decoding=\"async\" width=\"300\" height=\"200\" src=\"https:\/\/katolicka-gimnazija.hr\/wp-content\/uploads\/2020\/10\/DSC_0017-300x200.jpg\" class=\"attachment-medium size-medium\" alt=\"\" srcset=\"https:\/\/katolicka-gimnazija.hr\/wp-content\/uploads\/2020\/10\/DSC_0017-300x200.jpg 300w, https:\/\/katolicka-gimnazija.hr\/wp-content\/uploads\/2020\/10\/DSC_0017-1024x683.jpg 1024w, https:\/\/katolicka-gimnazija.hr\/wp-content\/uploads\/2020\/10\/DSC_0017-768x512.jpg 768w, https:\/\/katolicka-gimnazija.hr\/wp-content\/uploads\/2020\/10\/DSC_0017-1536x1024.jpg 1536w, https:\/\/katolicka-gimnazija.hr\/wp-content\/uploads\/2020\/10\/DSC_0017-400x267.jpg 400w, https:\/\/katolicka-gimnazija.hr\/wp-content\/uploads\/2020\/10\/DSC_0017.jpg 1800w\" sizes=\"auto, (max-width: 300px) 100vw, 300px\" \/><\/a>\n\t\t\t<\/div><\/figure>\n\t\t<\/div>\n\n","protected":false},"excerpt":{"rendered":"<p>S ciljem trajne formacije djelatnika katoli\u010dkih \u0161kola u Republici Hrvatskoj Nacionalni ured za katoli\u010dke \u0161kole organizirao je u ovim specifi\u010dnim uvjetima poseban model formacije koji je podrazumijevao tri predavanja koja su snimljena na Katoli\u010dkom sveu\u010dili\u0161tu u Zagrebu, a koje su djelatnici pratili u svojim mati\u010dnim \u0161kolama, te dvije radionice koje su provodili pojedini profesori sa [&hellip;]<\/p>\n","protected":false},"author":2,"featured_media":20277,"parent":15752,"menu_order":0,"comment_status":"closed","ping_status":"closed","template":"","meta":{"footnotes":""},"class_list":["post-20272","page","type-page","status-publish","has-post-thumbnail","hentry"],"_links":{"self":[{"href":"https:\/\/katolicka-gimnazija.hr\/index.php\/wp-json\/wp\/v2\/pages\/20272","targetHints":{"allow":["GET"]}}],"collection":[{"href":"https:\/\/katolicka-gimnazija.hr\/index.php\/wp-json\/wp\/v2\/pages"}],"about":[{"href":"https:\/\/katolicka-gimnazija.hr\/index.php\/wp-json\/wp\/v2\/types\/page"}],"author":[{"embeddable":true,"href":"https:\/\/katolicka-gimnazija.hr\/index.php\/wp-json\/wp\/v2\/users\/2"}],"replies":[{"embeddable":true,"href":"https:\/\/katolicka-gimnazija.hr\/index.php\/wp-json\/wp\/v2\/comments?post=20272"}],"version-history":[{"count":1,"href":"https:\/\/katolicka-gimnazija.hr\/index.php\/wp-json\/wp\/v2\/pages\/20272\/revisions"}],"predecessor-version":[{"id":20287,"href":"https:\/\/katolicka-gimnazija.hr\/index.php\/wp-json\/wp\/v2\/pages\/20272\/revisions\/20287"}],"up":[{"embeddable":true,"href":"https:\/\/katolicka-gimnazija.hr\/index.php\/wp-json\/wp\/v2\/pages\/15752"}],"wp:featuredmedia":[{"embeddable":true,"href":"https:\/\/katolicka-gimnazija.hr\/index.php\/wp-json\/wp\/v2\/media\/20277"}],"wp:attachment":[{"href":"https:\/\/katolicka-gimnazija.hr\/index.php\/wp-json\/wp\/v2\/media?parent=20272"}],"curies":[{"name":"wp","href":"https:\/\/api.w.org\/{rel}","templated":true}]}}