{"id":27876,"date":"2023-02-02T12:10:06","date_gmt":"2023-02-02T12:10:06","guid":{"rendered":"http:\/\/katolicka-gimnazija.hr\/?page_id=27876"},"modified":"2023-11-09T10:14:21","modified_gmt":"2023-11-09T10:14:21","slug":"volonterski-klub-katolicke-gimnazije","status":"publish","type":"page","link":"https:\/\/katolicka-gimnazija.hr\/index.php\/aktivnosti\/volonterski-klub-katolicke-gimnazije\/","title":{"rendered":"Volonterski klub Katoli\u010dke gimnazije"},"content":{"rendered":"<p>Volonterski klub Katoli\u010dke gimnazije zapo\u010deo je djelovanje u \u0161k. god 2021.\/22., a pokrenut je s ciljem aktualizacije na\u010dela kr\u0161\u0107anske ljubavi koja se temelje na Evan\u0111elju te koja duboko pro\u017eimaju identitet kako svakog vjernika, tako i katoli\u010dke \u0161kole. Volonterski klub \u017eeli kroz konkretan u\u010deni\u010dki karitativni anga\u017eman biti vidljivi znak zaokreta koji je u katoli\u010dkom \u0161kolstvu prona\u0161ao svoje novo lice: prijelaz iz \u0161kole \u2013 institucije, u \u0161kolu \u2013 zajednicu.<\/p>\n<p>\u017delja nam je pru\u017eiti u\u010denicima priliku da putem volonterskog kluba razvijaju osje\u0107aj solidarnosti s drugima i osvijeste \u010din dobrog djela prema nauku Katoli\u010dke Crkve, usvajaju navike volonterskog rada,\u00a0 uo\u010davaju potrebe lokalne zajednice i sudjeluju na razli\u010ditim manifestacijama u svrhu pomo\u0107i drugima, upoznaju s na\u010dinom rada volonterskih centara u regiji te na\u010dinom rada razli\u010ditih udruga kojima je glavni cilj pomo\u0107 drugima, razvijaju volontersku mre\u017eu u \u0160koli i izvan nje, u zajednici, razvijaju empatiju i altruizam kroz rad za dobrobit druge osobe i\/ili za op\u0107e dobro u skladu s kr\u0161\u0107anskim vrijednostima.<\/p>\n<p>Volonterski klub radi prema planu i programu volontiranja u prilogu. Koordinator volontera je stru\u010dna suradnica psihologinja Nikolina Bodolovi\u0107, uz kontinuirani anga\u017eman i doprinos vjerou\u010ditelja \u0161kole vl\u010d. Tomislava Dokoze i vl\u010d. Karla Topalovi\u0107a.<\/p>\n<p>U \u0161k. god 2022.\/23. Volonterski klub Katoli\u010dke gimnazije zapo\u010deo je provedbu preventivnog projekta <strong><em>Briga o drugome \u2013 briga o sebi<\/em><\/strong>, prepoznat i sufinanciran od strane Ministarstva znanosti i obrazovanja.<\/p>\n<p>U\u010denici se u aktivnosti kluba uklju\u010duju povremeno i dobrovoljno, prema vlastitoj \u017eelji i mogu\u0107nostima, kako im ne bi predstavljale preveliko optere\u0107enje. \u0160kola pru\u017ea pomo\u0107, podr\u0161ku i nadzor nad radom u\u010denika-volontera i koordinatora volontera.<\/p>\n<p>Vjerujemo da \u0107e u\u010denici kroz rad u Klubu imati mogu\u0107nost: svjedo\u010diti kr\u0161\u0107ansko poslanje, oja\u010dati svoje komunikacijske vje\u0161tine, pro\u0161iriti svoju socijalnu mre\u017eu, usvojiti nova znanja o zajednici i dru\u0161tvenoj i kr\u0161\u0107anskoj odgovornosti te oja\u010dati osobne potencijale.<\/p>\n<div id='gallery-1' class='gallery galleryid-27876 gallery-columns-3 gallery-size-medium'><figure class='gallery-item'>\n\t\t\t<div class='gallery-icon landscape'>\n\t\t\t\t<a href='https:\/\/katolicka-gimnazija.hr\/wp-content\/uploads\/2023\/11\/311819048_564035255723217_8212402485831046354_n.jpg'><img loading=\"lazy\" decoding=\"async\" width=\"300\" height=\"200\" src=\"https:\/\/katolicka-gimnazija.hr\/wp-content\/uploads\/2023\/11\/311819048_564035255723217_8212402485831046354_n-300x200.jpg\" class=\"attachment-medium size-medium\" alt=\"\" srcset=\"https:\/\/katolicka-gimnazija.hr\/wp-content\/uploads\/2023\/11\/311819048_564035255723217_8212402485831046354_n-300x200.jpg 300w, https:\/\/katolicka-gimnazija.hr\/wp-content\/uploads\/2023\/11\/311819048_564035255723217_8212402485831046354_n-1024x683.jpg 1024w, https:\/\/katolicka-gimnazija.hr\/wp-content\/uploads\/2023\/11\/311819048_564035255723217_8212402485831046354_n-768x512.jpg 768w, https:\/\/katolicka-gimnazija.hr\/wp-content\/uploads\/2023\/11\/311819048_564035255723217_8212402485831046354_n-1536x1024.jpg 1536w, https:\/\/katolicka-gimnazija.hr\/wp-content\/uploads\/2023\/11\/311819048_564035255723217_8212402485831046354_n-400x267.jpg 400w, https:\/\/katolicka-gimnazija.hr\/wp-content\/uploads\/2023\/11\/311819048_564035255723217_8212402485831046354_n.jpg 1800w\" sizes=\"auto, (max-width: 300px) 100vw, 300px\" \/><\/a>\n\t\t\t<\/div><\/figure><figure class='gallery-item'>\n\t\t\t<div class='gallery-icon portrait'>\n\t\t\t\t<a href='https:\/\/katolicka-gimnazija.hr\/wp-content\/uploads\/2023\/11\/277584442_5349471478405212_1720223752835841334_n.jpg'><img loading=\"lazy\" decoding=\"async\" width=\"225\" height=\"300\" src=\"https:\/\/katolicka-gimnazija.hr\/wp-content\/uploads\/2023\/11\/277584442_5349471478405212_1720223752835841334_n-225x300.jpg\" class=\"attachment-medium size-medium\" alt=\"\" srcset=\"https:\/\/katolicka-gimnazija.hr\/wp-content\/uploads\/2023\/11\/277584442_5349471478405212_1720223752835841334_n-225x300.jpg 225w, https:\/\/katolicka-gimnazija.hr\/wp-content\/uploads\/2023\/11\/277584442_5349471478405212_1720223752835841334_n-768x1024.jpg 768w, https:\/\/katolicka-gimnazija.hr\/wp-content\/uploads\/2023\/11\/277584442_5349471478405212_1720223752835841334_n-1152x1536.jpg 1152w, https:\/\/katolicka-gimnazija.hr\/wp-content\/uploads\/2023\/11\/277584442_5349471478405212_1720223752835841334_n.jpg 1512w\" sizes=\"auto, (max-width: 225px) 100vw, 225px\" \/><\/a>\n\t\t\t<\/div><\/figure><figure class='gallery-item'>\n\t\t\t<div class='gallery-icon landscape'>\n\t\t\t\t<a href='https:\/\/katolicka-gimnazija.hr\/wp-content\/uploads\/2023\/11\/DSC_7614-1024x683-1.jpg'><img loading=\"lazy\" decoding=\"async\" width=\"300\" height=\"200\" src=\"https:\/\/katolicka-gimnazija.hr\/wp-content\/uploads\/2023\/11\/DSC_7614-1024x683-1-300x200.jpg\" class=\"attachment-medium size-medium\" alt=\"\" srcset=\"https:\/\/katolicka-gimnazija.hr\/wp-content\/uploads\/2023\/11\/DSC_7614-1024x683-1-300x200.jpg 300w, https:\/\/katolicka-gimnazija.hr\/wp-content\/uploads\/2023\/11\/DSC_7614-1024x683-1-768x512.jpg 768w, https:\/\/katolicka-gimnazija.hr\/wp-content\/uploads\/2023\/11\/DSC_7614-1024x683-1-400x267.jpg 400w, https:\/\/katolicka-gimnazija.hr\/wp-content\/uploads\/2023\/11\/DSC_7614-1024x683-1.jpg 1024w\" sizes=\"auto, (max-width: 300px) 100vw, 300px\" \/><\/a>\n\t\t\t<\/div><\/figure><figure class='gallery-item'>\n\t\t\t<div class='gallery-icon landscape'>\n\t\t\t\t<a href='https:\/\/katolicka-gimnazija.hr\/wp-content\/uploads\/2023\/11\/DSC_8548-scaled.jpg'><img loading=\"lazy\" decoding=\"async\" width=\"300\" height=\"200\" src=\"https:\/\/katolicka-gimnazija.hr\/wp-content\/uploads\/2023\/11\/DSC_8548-300x200.jpg\" class=\"attachment-medium size-medium\" alt=\"\" srcset=\"https:\/\/katolicka-gimnazija.hr\/wp-content\/uploads\/2023\/11\/DSC_8548-300x200.jpg 300w, https:\/\/katolicka-gimnazija.hr\/wp-content\/uploads\/2023\/11\/DSC_8548-1024x683.jpg 1024w, https:\/\/katolicka-gimnazija.hr\/wp-content\/uploads\/2023\/11\/DSC_8548-768x512.jpg 768w, https:\/\/katolicka-gimnazija.hr\/wp-content\/uploads\/2023\/11\/DSC_8548-1536x1024.jpg 1536w, https:\/\/katolicka-gimnazija.hr\/wp-content\/uploads\/2023\/11\/DSC_8548-2048x1365.jpg 2048w, https:\/\/katolicka-gimnazija.hr\/wp-content\/uploads\/2023\/11\/DSC_8548-400x267.jpg 400w\" sizes=\"auto, (max-width: 300px) 100vw, 300px\" \/><\/a>\n\t\t\t<\/div><\/figure><figure class='gallery-item'>\n\t\t\t<div class='gallery-icon landscape'>\n\t\t\t\t<a href='https:\/\/katolicka-gimnazija.hr\/wp-content\/uploads\/2023\/11\/DSC_8531-2048x1365-1.jpg'><img loading=\"lazy\" decoding=\"async\" width=\"300\" height=\"200\" src=\"https:\/\/katolicka-gimnazija.hr\/wp-content\/uploads\/2023\/11\/DSC_8531-2048x1365-1-300x200.jpg\" class=\"attachment-medium size-medium\" alt=\"\" srcset=\"https:\/\/katolicka-gimnazija.hr\/wp-content\/uploads\/2023\/11\/DSC_8531-2048x1365-1-300x200.jpg 300w, https:\/\/katolicka-gimnazija.hr\/wp-content\/uploads\/2023\/11\/DSC_8531-2048x1365-1-1024x683.jpg 1024w, https:\/\/katolicka-gimnazija.hr\/wp-content\/uploads\/2023\/11\/DSC_8531-2048x1365-1-768x512.jpg 768w, https:\/\/katolicka-gimnazija.hr\/wp-content\/uploads\/2023\/11\/DSC_8531-2048x1365-1-1536x1024.jpg 1536w, https:\/\/katolicka-gimnazija.hr\/wp-content\/uploads\/2023\/11\/DSC_8531-2048x1365-1-400x267.jpg 400w, https:\/\/katolicka-gimnazija.hr\/wp-content\/uploads\/2023\/11\/DSC_8531-2048x1365-1.jpg 2048w\" sizes=\"auto, (max-width: 300px) 100vw, 300px\" \/><\/a>\n\t\t\t<\/div><\/figure><figure class='gallery-item'>\n\t\t\t<div class='gallery-icon landscape'>\n\t\t\t\t<a href='https:\/\/katolicka-gimnazija.hr\/wp-content\/uploads\/2023\/11\/DSC_8521-scaled-e1671746287680-1024x718-1.jpg'><img loading=\"lazy\" decoding=\"async\" width=\"300\" height=\"210\" src=\"https:\/\/katolicka-gimnazija.hr\/wp-content\/uploads\/2023\/11\/DSC_8521-scaled-e1671746287680-1024x718-1-300x210.jpg\" class=\"attachment-medium size-medium\" alt=\"\" srcset=\"https:\/\/katolicka-gimnazija.hr\/wp-content\/uploads\/2023\/11\/DSC_8521-scaled-e1671746287680-1024x718-1-300x210.jpg 300w, https:\/\/katolicka-gimnazija.hr\/wp-content\/uploads\/2023\/11\/DSC_8521-scaled-e1671746287680-1024x718-1-768x539.jpg 768w, https:\/\/katolicka-gimnazija.hr\/wp-content\/uploads\/2023\/11\/DSC_8521-scaled-e1671746287680-1024x718-1-400x280.jpg 400w, https:\/\/katolicka-gimnazija.hr\/wp-content\/uploads\/2023\/11\/DSC_8521-scaled-e1671746287680-1024x718-1.jpg 1024w\" sizes=\"auto, (max-width: 300px) 100vw, 300px\" \/><\/a>\n\t\t\t<\/div><\/figure><figure class='gallery-item'>\n\t\t\t<div class='gallery-icon landscape'>\n\t\t\t\t<a href='https:\/\/katolicka-gimnazija.hr\/wp-content\/uploads\/2023\/11\/320688750_6342806319172034_436247911105242185_n.jpg'><img loading=\"lazy\" decoding=\"async\" width=\"300\" height=\"200\" src=\"https:\/\/katolicka-gimnazija.hr\/wp-content\/uploads\/2023\/11\/320688750_6342806319172034_436247911105242185_n-300x200.jpg\" class=\"attachment-medium size-medium\" alt=\"\" srcset=\"https:\/\/katolicka-gimnazija.hr\/wp-content\/uploads\/2023\/11\/320688750_6342806319172034_436247911105242185_n-300x200.jpg 300w, https:\/\/katolicka-gimnazija.hr\/wp-content\/uploads\/2023\/11\/320688750_6342806319172034_436247911105242185_n-1024x683.jpg 1024w, https:\/\/katolicka-gimnazija.hr\/wp-content\/uploads\/2023\/11\/320688750_6342806319172034_436247911105242185_n-768x512.jpg 768w, https:\/\/katolicka-gimnazija.hr\/wp-content\/uploads\/2023\/11\/320688750_6342806319172034_436247911105242185_n-400x267.jpg 400w, https:\/\/katolicka-gimnazija.hr\/wp-content\/uploads\/2023\/11\/320688750_6342806319172034_436247911105242185_n.jpg 1079w\" sizes=\"auto, (max-width: 300px) 100vw, 300px\" \/><\/a>\n\t\t\t<\/div><\/figure><figure class='gallery-item'>\n\t\t\t<div class='gallery-icon landscape'>\n\t\t\t\t<a href='https:\/\/katolicka-gimnazija.hr\/wp-content\/uploads\/2023\/11\/DSC_9548-1-2048x1365-1.jpg'><img loading=\"lazy\" decoding=\"async\" width=\"300\" height=\"200\" src=\"https:\/\/katolicka-gimnazija.hr\/wp-content\/uploads\/2023\/11\/DSC_9548-1-2048x1365-1-300x200.jpg\" class=\"attachment-medium size-medium\" alt=\"\" srcset=\"https:\/\/katolicka-gimnazija.hr\/wp-content\/uploads\/2023\/11\/DSC_9548-1-2048x1365-1-300x200.jpg 300w, https:\/\/katolicka-gimnazija.hr\/wp-content\/uploads\/2023\/11\/DSC_9548-1-2048x1365-1-1024x683.jpg 1024w, https:\/\/katolicka-gimnazija.hr\/wp-content\/uploads\/2023\/11\/DSC_9548-1-2048x1365-1-768x512.jpg 768w, https:\/\/katolicka-gimnazija.hr\/wp-content\/uploads\/2023\/11\/DSC_9548-1-2048x1365-1-1536x1024.jpg 1536w, https:\/\/katolicka-gimnazija.hr\/wp-content\/uploads\/2023\/11\/DSC_9548-1-2048x1365-1-400x267.jpg 400w, https:\/\/katolicka-gimnazija.hr\/wp-content\/uploads\/2023\/11\/DSC_9548-1-2048x1365-1.jpg 2048w\" sizes=\"auto, (max-width: 300px) 100vw, 300px\" \/><\/a>\n\t\t\t<\/div><\/figure><figure class='gallery-item'>\n\t\t\t<div class='gallery-icon portrait'>\n\t\t\t\t<a href='https:\/\/katolicka-gimnazija.hr\/wp-content\/uploads\/2023\/11\/DSC_8562-scaled-1.jpg'><img loading=\"lazy\" decoding=\"async\" width=\"200\" height=\"300\" src=\"https:\/\/katolicka-gimnazija.hr\/wp-content\/uploads\/2023\/11\/DSC_8562-scaled-1-200x300.jpg\" class=\"attachment-medium size-medium\" alt=\"\" srcset=\"https:\/\/katolicka-gimnazija.hr\/wp-content\/uploads\/2023\/11\/DSC_8562-scaled-1-200x300.jpg 200w, https:\/\/katolicka-gimnazija.hr\/wp-content\/uploads\/2023\/11\/DSC_8562-scaled-1-683x1024.jpg 683w, https:\/\/katolicka-gimnazija.hr\/wp-content\/uploads\/2023\/11\/DSC_8562-scaled-1-768x1152.jpg 768w, https:\/\/katolicka-gimnazija.hr\/wp-content\/uploads\/2023\/11\/DSC_8562-scaled-1-1024x1536.jpg 1024w, https:\/\/katolicka-gimnazija.hr\/wp-content\/uploads\/2023\/11\/DSC_8562-scaled-1-1366x2048.jpg 1366w, https:\/\/katolicka-gimnazija.hr\/wp-content\/uploads\/2023\/11\/DSC_8562-scaled-1.jpg 1707w\" sizes=\"auto, (max-width: 200px) 100vw, 200px\" \/><\/a>\n\t\t\t<\/div><\/figure><figure class='gallery-item'>\n\t\t\t<div class='gallery-icon landscape'>\n\t\t\t\t<a href='https:\/\/katolicka-gimnazija.hr\/wp-content\/uploads\/2023\/11\/IMG_20220513_105753.jpg'><img loading=\"lazy\" decoding=\"async\" width=\"300\" height=\"225\" src=\"https:\/\/katolicka-gimnazija.hr\/wp-content\/uploads\/2023\/11\/IMG_20220513_105753-300x225.jpg\" class=\"attachment-medium size-medium\" alt=\"\" srcset=\"https:\/\/katolicka-gimnazija.hr\/wp-content\/uploads\/2023\/11\/IMG_20220513_105753-300x225.jpg 300w, https:\/\/katolicka-gimnazija.hr\/wp-content\/uploads\/2023\/11\/IMG_20220513_105753-1024x768.jpg 1024w, https:\/\/katolicka-gimnazija.hr\/wp-content\/uploads\/2023\/11\/IMG_20220513_105753-768x576.jpg 768w, https:\/\/katolicka-gimnazija.hr\/wp-content\/uploads\/2023\/11\/IMG_20220513_105753-400x300.jpg 400w, https:\/\/katolicka-gimnazija.hr\/wp-content\/uploads\/2023\/11\/IMG_20220513_105753.jpg 1500w\" sizes=\"auto, (max-width: 300px) 100vw, 300px\" \/><\/a>\n\t\t\t<\/div><\/figure><figure class='gallery-item'>\n\t\t\t<div class='gallery-icon landscape'>\n\t\t\t\t<a href='https:\/\/katolicka-gimnazija.hr\/wp-content\/uploads\/2023\/11\/277678582_5349471525071874_6698286467894217212_n.jpg'><img loading=\"lazy\" decoding=\"async\" width=\"300\" height=\"225\" src=\"https:\/\/katolicka-gimnazija.hr\/wp-content\/uploads\/2023\/11\/277678582_5349471525071874_6698286467894217212_n-300x225.jpg\" class=\"attachment-medium size-medium\" alt=\"\" srcset=\"https:\/\/katolicka-gimnazija.hr\/wp-content\/uploads\/2023\/11\/277678582_5349471525071874_6698286467894217212_n-300x225.jpg 300w, https:\/\/katolicka-gimnazija.hr\/wp-content\/uploads\/2023\/11\/277678582_5349471525071874_6698286467894217212_n-1024x768.jpg 1024w, https:\/\/katolicka-gimnazija.hr\/wp-content\/uploads\/2023\/11\/277678582_5349471525071874_6698286467894217212_n-768x576.jpg 768w, https:\/\/katolicka-gimnazija.hr\/wp-content\/uploads\/2023\/11\/277678582_5349471525071874_6698286467894217212_n-1536x1152.jpg 1536w, https:\/\/katolicka-gimnazija.hr\/wp-content\/uploads\/2023\/11\/277678582_5349471525071874_6698286467894217212_n-400x300.jpg 400w, https:\/\/katolicka-gimnazija.hr\/wp-content\/uploads\/2023\/11\/277678582_5349471525071874_6698286467894217212_n.jpg 2016w\" sizes=\"auto, (max-width: 300px) 100vw, 300px\" \/><\/a>\n\t\t\t<\/div><\/figure><figure class='gallery-item'>\n\t\t\t<div class='gallery-icon landscape'>\n\t\t\t\t<a href='https:\/\/katolicka-gimnazija.hr\/wp-content\/uploads\/2023\/11\/277565114_5349471248405235_4422347218886778710_n.jpg'><img loading=\"lazy\" decoding=\"async\" width=\"300\" height=\"225\" src=\"https:\/\/katolicka-gimnazija.hr\/wp-content\/uploads\/2023\/11\/277565114_5349471248405235_4422347218886778710_n-300x225.jpg\" class=\"attachment-medium size-medium\" alt=\"\" srcset=\"https:\/\/katolicka-gimnazija.hr\/wp-content\/uploads\/2023\/11\/277565114_5349471248405235_4422347218886778710_n-300x225.jpg 300w, https:\/\/katolicka-gimnazija.hr\/wp-content\/uploads\/2023\/11\/277565114_5349471248405235_4422347218886778710_n-1024x768.jpg 1024w, https:\/\/katolicka-gimnazija.hr\/wp-content\/uploads\/2023\/11\/277565114_5349471248405235_4422347218886778710_n-768x576.jpg 768w, https:\/\/katolicka-gimnazija.hr\/wp-content\/uploads\/2023\/11\/277565114_5349471248405235_4422347218886778710_n-1536x1152.jpg 1536w, https:\/\/katolicka-gimnazija.hr\/wp-content\/uploads\/2023\/11\/277565114_5349471248405235_4422347218886778710_n-400x300.jpg 400w, https:\/\/katolicka-gimnazija.hr\/wp-content\/uploads\/2023\/11\/277565114_5349471248405235_4422347218886778710_n.jpg 2016w\" sizes=\"auto, (max-width: 300px) 100vw, 300px\" \/><\/a>\n\t\t\t<\/div><\/figure><figure class='gallery-item'>\n\t\t\t<div class='gallery-icon landscape'>\n\t\t\t\t<a href='https:\/\/katolicka-gimnazija.hr\/wp-content\/uploads\/2023\/11\/337298127_174612628700381_2851963195544832536_n-1024x768-1.jpg'><img loading=\"lazy\" decoding=\"async\" width=\"300\" height=\"225\" src=\"https:\/\/katolicka-gimnazija.hr\/wp-content\/uploads\/2023\/11\/337298127_174612628700381_2851963195544832536_n-1024x768-1-300x225.jpg\" class=\"attachment-medium size-medium\" alt=\"\" srcset=\"https:\/\/katolicka-gimnazija.hr\/wp-content\/uploads\/2023\/11\/337298127_174612628700381_2851963195544832536_n-1024x768-1-300x225.jpg 300w, https:\/\/katolicka-gimnazija.hr\/wp-content\/uploads\/2023\/11\/337298127_174612628700381_2851963195544832536_n-1024x768-1-768x576.jpg 768w, https:\/\/katolicka-gimnazija.hr\/wp-content\/uploads\/2023\/11\/337298127_174612628700381_2851963195544832536_n-1024x768-1-400x300.jpg 400w, https:\/\/katolicka-gimnazija.hr\/wp-content\/uploads\/2023\/11\/337298127_174612628700381_2851963195544832536_n-1024x768-1.jpg 1024w\" sizes=\"auto, (max-width: 300px) 100vw, 300px\" \/><\/a>\n\t\t\t<\/div><\/figure><figure class='gallery-item'>\n\t\t\t<div class='gallery-icon portrait'>\n\t\t\t\t<a href='https:\/\/katolicka-gimnazija.hr\/wp-content\/uploads\/2023\/11\/278271019_5383616188324074_2221089375484568021_n.jpg'><img loading=\"lazy\" decoding=\"async\" width=\"225\" height=\"300\" src=\"https:\/\/katolicka-gimnazija.hr\/wp-content\/uploads\/2023\/11\/278271019_5383616188324074_2221089375484568021_n-225x300.jpg\" class=\"attachment-medium size-medium\" alt=\"\" srcset=\"https:\/\/katolicka-gimnazija.hr\/wp-content\/uploads\/2023\/11\/278271019_5383616188324074_2221089375484568021_n-225x300.jpg 225w, https:\/\/katolicka-gimnazija.hr\/wp-content\/uploads\/2023\/11\/278271019_5383616188324074_2221089375484568021_n-768x1024.jpg 768w, https:\/\/katolicka-gimnazija.hr\/wp-content\/uploads\/2023\/11\/278271019_5383616188324074_2221089375484568021_n-1152x1536.jpg 1152w, https:\/\/katolicka-gimnazija.hr\/wp-content\/uploads\/2023\/11\/278271019_5383616188324074_2221089375484568021_n.jpg 1536w\" sizes=\"auto, (max-width: 225px) 100vw, 225px\" \/><\/a>\n\t\t\t<\/div><\/figure><figure class='gallery-item'>\n\t\t\t<div class='gallery-icon portrait'>\n\t\t\t\t<a href='https:\/\/katolicka-gimnazija.hr\/wp-content\/uploads\/2023\/11\/IMG_20230504_100938-scaled-1.jpg'><img loading=\"lazy\" decoding=\"async\" width=\"225\" height=\"300\" src=\"https:\/\/katolicka-gimnazija.hr\/wp-content\/uploads\/2023\/11\/IMG_20230504_100938-scaled-1-225x300.jpg\" class=\"attachment-medium size-medium\" alt=\"\" srcset=\"https:\/\/katolicka-gimnazija.hr\/wp-content\/uploads\/2023\/11\/IMG_20230504_100938-scaled-1-225x300.jpg 225w, https:\/\/katolicka-gimnazija.hr\/wp-content\/uploads\/2023\/11\/IMG_20230504_100938-scaled-1-768x1024.jpg 768w, https:\/\/katolicka-gimnazija.hr\/wp-content\/uploads\/2023\/11\/IMG_20230504_100938-scaled-1-1152x1536.jpg 1152w, https:\/\/katolicka-gimnazija.hr\/wp-content\/uploads\/2023\/11\/IMG_20230504_100938-scaled-1-1536x2048.jpg 1536w, https:\/\/katolicka-gimnazija.hr\/wp-content\/uploads\/2023\/11\/IMG_20230504_100938-scaled-1.jpg 1920w\" sizes=\"auto, (max-width: 225px) 100vw, 225px\" \/><\/a>\n\t\t\t<\/div><\/figure><figure class='gallery-item'>\n\t\t\t<div class='gallery-icon landscape'>\n\t\t\t\t<a href='https:\/\/katolicka-gimnazija.hr\/wp-content\/uploads\/2023\/11\/277752304_5349471785071848_1091658639307053509_n.jpg'><img loading=\"lazy\" decoding=\"async\" width=\"300\" height=\"225\" src=\"https:\/\/katolicka-gimnazija.hr\/wp-content\/uploads\/2023\/11\/277752304_5349471785071848_1091658639307053509_n-300x225.jpg\" class=\"attachment-medium size-medium\" alt=\"\" srcset=\"https:\/\/katolicka-gimnazija.hr\/wp-content\/uploads\/2023\/11\/277752304_5349471785071848_1091658639307053509_n-300x225.jpg 300w, https:\/\/katolicka-gimnazija.hr\/wp-content\/uploads\/2023\/11\/277752304_5349471785071848_1091658639307053509_n-1024x768.jpg 1024w, https:\/\/katolicka-gimnazija.hr\/wp-content\/uploads\/2023\/11\/277752304_5349471785071848_1091658639307053509_n-768x576.jpg 768w, https:\/\/katolicka-gimnazija.hr\/wp-content\/uploads\/2023\/11\/277752304_5349471785071848_1091658639307053509_n-1536x1152.jpg 1536w, https:\/\/katolicka-gimnazija.hr\/wp-content\/uploads\/2023\/11\/277752304_5349471785071848_1091658639307053509_n-400x300.jpg 400w, https:\/\/katolicka-gimnazija.hr\/wp-content\/uploads\/2023\/11\/277752304_5349471785071848_1091658639307053509_n.jpg 2016w\" sizes=\"auto, (max-width: 300px) 100vw, 300px\" \/><\/a>\n\t\t\t<\/div><\/figure><figure class='gallery-item'>\n\t\t\t<div class='gallery-icon landscape'>\n\t\t\t\t<a href='https:\/\/katolicka-gimnazija.hr\/wp-content\/uploads\/2023\/11\/IMG-39ab95d193a1e7809636e4b17ccd977e-V.jpg'><img loading=\"lazy\" decoding=\"async\" width=\"300\" height=\"225\" src=\"https:\/\/katolicka-gimnazija.hr\/wp-content\/uploads\/2023\/11\/IMG-39ab95d193a1e7809636e4b17ccd977e-V-300x225.jpg\" class=\"attachment-medium size-medium\" alt=\"\" srcset=\"https:\/\/katolicka-gimnazija.hr\/wp-content\/uploads\/2023\/11\/IMG-39ab95d193a1e7809636e4b17ccd977e-V-300x225.jpg 300w, https:\/\/katolicka-gimnazija.hr\/wp-content\/uploads\/2023\/11\/IMG-39ab95d193a1e7809636e4b17ccd977e-V-1024x768.jpg 1024w, https:\/\/katolicka-gimnazija.hr\/wp-content\/uploads\/2023\/11\/IMG-39ab95d193a1e7809636e4b17ccd977e-V-768x576.jpg 768w, https:\/\/katolicka-gimnazija.hr\/wp-content\/uploads\/2023\/11\/IMG-39ab95d193a1e7809636e4b17ccd977e-V-400x300.jpg 400w, https:\/\/katolicka-gimnazija.hr\/wp-content\/uploads\/2023\/11\/IMG-39ab95d193a1e7809636e4b17ccd977e-V.jpg 1500w\" sizes=\"auto, (max-width: 300px) 100vw, 300px\" \/><\/a>\n\t\t\t<\/div><\/figure><figure class='gallery-item'>\n\t\t\t<div class='gallery-icon landscape'>\n\t\t\t\t<a href='https:\/\/katolicka-gimnazija.hr\/wp-content\/uploads\/2023\/11\/181476.jpg'><img loading=\"lazy\" decoding=\"async\" width=\"300\" height=\"225\" src=\"https:\/\/katolicka-gimnazija.hr\/wp-content\/uploads\/2023\/11\/181476-300x225.jpg\" class=\"attachment-medium size-medium\" alt=\"\" srcset=\"https:\/\/katolicka-gimnazija.hr\/wp-content\/uploads\/2023\/11\/181476-300x225.jpg 300w, https:\/\/katolicka-gimnazija.hr\/wp-content\/uploads\/2023\/11\/181476-768x576.jpg 768w, https:\/\/katolicka-gimnazija.hr\/wp-content\/uploads\/2023\/11\/181476-400x300.jpg 400w, https:\/\/katolicka-gimnazija.hr\/wp-content\/uploads\/2023\/11\/181476.jpg 1000w\" sizes=\"auto, (max-width: 300px) 100vw, 300px\" \/><\/a>\n\t\t\t<\/div><\/figure><figure class='gallery-item'>\n\t\t\t<div class='gallery-icon landscape'>\n\t\t\t\t<a href='https:\/\/katolicka-gimnazija.hr\/wp-content\/uploads\/2023\/11\/337146019_159374427027990_2815132962986838769_n.jpg'><img loading=\"lazy\" decoding=\"async\" width=\"300\" height=\"200\" src=\"https:\/\/katolicka-gimnazija.hr\/wp-content\/uploads\/2023\/11\/337146019_159374427027990_2815132962986838769_n-300x200.jpg\" class=\"attachment-medium size-medium\" alt=\"\" srcset=\"https:\/\/katolicka-gimnazija.hr\/wp-content\/uploads\/2023\/11\/337146019_159374427027990_2815132962986838769_n-300x200.jpg 300w, https:\/\/katolicka-gimnazija.hr\/wp-content\/uploads\/2023\/11\/337146019_159374427027990_2815132962986838769_n-1024x683.jpg 1024w, https:\/\/katolicka-gimnazija.hr\/wp-content\/uploads\/2023\/11\/337146019_159374427027990_2815132962986838769_n-768x512.jpg 768w, https:\/\/katolicka-gimnazija.hr\/wp-content\/uploads\/2023\/11\/337146019_159374427027990_2815132962986838769_n-1536x1024.jpg 1536w, https:\/\/katolicka-gimnazija.hr\/wp-content\/uploads\/2023\/11\/337146019_159374427027990_2815132962986838769_n-400x267.jpg 400w, https:\/\/katolicka-gimnazija.hr\/wp-content\/uploads\/2023\/11\/337146019_159374427027990_2815132962986838769_n.jpg 2048w\" sizes=\"auto, (max-width: 300px) 100vw, 300px\" \/><\/a>\n\t\t\t<\/div><\/figure><figure class='gallery-item'>\n\t\t\t<div class='gallery-icon landscape'>\n\t\t\t\t<a href='https:\/\/katolicka-gimnazija.hr\/wp-content\/uploads\/2023\/11\/IMG_20220513_114446-1024x768-1.jpg'><img loading=\"lazy\" decoding=\"async\" width=\"300\" height=\"225\" src=\"https:\/\/katolicka-gimnazija.hr\/wp-content\/uploads\/2023\/11\/IMG_20220513_114446-1024x768-1-300x225.jpg\" class=\"attachment-medium size-medium\" alt=\"\" srcset=\"https:\/\/katolicka-gimnazija.hr\/wp-content\/uploads\/2023\/11\/IMG_20220513_114446-1024x768-1-300x225.jpg 300w, https:\/\/katolicka-gimnazija.hr\/wp-content\/uploads\/2023\/11\/IMG_20220513_114446-1024x768-1-768x576.jpg 768w, https:\/\/katolicka-gimnazija.hr\/wp-content\/uploads\/2023\/11\/IMG_20220513_114446-1024x768-1-400x300.jpg 400w, https:\/\/katolicka-gimnazija.hr\/wp-content\/uploads\/2023\/11\/IMG_20220513_114446-1024x768-1.jpg 1024w\" sizes=\"auto, (max-width: 300px) 100vw, 300px\" \/><\/a>\n\t\t\t<\/div><\/figure><figure class='gallery-item'>\n\t\t\t<div class='gallery-icon landscape'>\n\t\t\t\t<a href='https:\/\/katolicka-gimnazija.hr\/wp-content\/uploads\/2023\/11\/DSC_9592-1-2048x1365-1.jpg'><img loading=\"lazy\" decoding=\"async\" width=\"300\" height=\"200\" src=\"https:\/\/katolicka-gimnazija.hr\/wp-content\/uploads\/2023\/11\/DSC_9592-1-2048x1365-1-300x200.jpg\" class=\"attachment-medium size-medium\" alt=\"\" srcset=\"https:\/\/katolicka-gimnazija.hr\/wp-content\/uploads\/2023\/11\/DSC_9592-1-2048x1365-1-300x200.jpg 300w, https:\/\/katolicka-gimnazija.hr\/wp-content\/uploads\/2023\/11\/DSC_9592-1-2048x1365-1-1024x683.jpg 1024w, https:\/\/katolicka-gimnazija.hr\/wp-content\/uploads\/2023\/11\/DSC_9592-1-2048x1365-1-768x512.jpg 768w, https:\/\/katolicka-gimnazija.hr\/wp-content\/uploads\/2023\/11\/DSC_9592-1-2048x1365-1-1536x1024.jpg 1536w, https:\/\/katolicka-gimnazija.hr\/wp-content\/uploads\/2023\/11\/DSC_9592-1-2048x1365-1-400x267.jpg 400w, https:\/\/katolicka-gimnazija.hr\/wp-content\/uploads\/2023\/11\/DSC_9592-1-2048x1365-1.jpg 2048w\" sizes=\"auto, (max-width: 300px) 100vw, 300px\" \/><\/a>\n\t\t\t<\/div><\/figure><figure class='gallery-item'>\n\t\t\t<div class='gallery-icon portrait'>\n\t\t\t\t<a href='https:\/\/katolicka-gimnazija.hr\/wp-content\/uploads\/2023\/11\/IMG_20221223_083107-scaled-1.jpg'><img loading=\"lazy\" decoding=\"async\" width=\"225\" height=\"300\" src=\"https:\/\/katolicka-gimnazija.hr\/wp-content\/uploads\/2023\/11\/IMG_20221223_083107-scaled-1-225x300.jpg\" class=\"attachment-medium size-medium\" alt=\"\" srcset=\"https:\/\/katolicka-gimnazija.hr\/wp-content\/uploads\/2023\/11\/IMG_20221223_083107-scaled-1-225x300.jpg 225w, https:\/\/katolicka-gimnazija.hr\/wp-content\/uploads\/2023\/11\/IMG_20221223_083107-scaled-1-768x1024.jpg 768w, https:\/\/katolicka-gimnazija.hr\/wp-content\/uploads\/2023\/11\/IMG_20221223_083107-scaled-1-1152x1536.jpg 1152w, https:\/\/katolicka-gimnazija.hr\/wp-content\/uploads\/2023\/11\/IMG_20221223_083107-scaled-1-1536x2048.jpg 1536w, https:\/\/katolicka-gimnazija.hr\/wp-content\/uploads\/2023\/11\/IMG_20221223_083107-scaled-1.jpg 1920w\" sizes=\"auto, (max-width: 225px) 100vw, 225px\" \/><\/a>\n\t\t\t<\/div><\/figure><figure class='gallery-item'>\n\t\t\t<div class='gallery-icon landscape'>\n\t\t\t\t<a href='https:\/\/katolicka-gimnazija.hr\/wp-content\/uploads\/2023\/11\/DSC_8417-2048x1365-1.jpg'><img loading=\"lazy\" decoding=\"async\" width=\"300\" height=\"200\" src=\"https:\/\/katolicka-gimnazija.hr\/wp-content\/uploads\/2023\/11\/DSC_8417-2048x1365-1-300x200.jpg\" class=\"attachment-medium size-medium\" alt=\"\" srcset=\"https:\/\/katolicka-gimnazija.hr\/wp-content\/uploads\/2023\/11\/DSC_8417-2048x1365-1-300x200.jpg 300w, https:\/\/katolicka-gimnazija.hr\/wp-content\/uploads\/2023\/11\/DSC_8417-2048x1365-1-1024x683.jpg 1024w, https:\/\/katolicka-gimnazija.hr\/wp-content\/uploads\/2023\/11\/DSC_8417-2048x1365-1-768x512.jpg 768w, https:\/\/katolicka-gimnazija.hr\/wp-content\/uploads\/2023\/11\/DSC_8417-2048x1365-1-1536x1024.jpg 1536w, https:\/\/katolicka-gimnazija.hr\/wp-content\/uploads\/2023\/11\/DSC_8417-2048x1365-1-400x267.jpg 400w, https:\/\/katolicka-gimnazija.hr\/wp-content\/uploads\/2023\/11\/DSC_8417-2048x1365-1.jpg 2048w\" sizes=\"auto, (max-width: 300px) 100vw, 300px\" \/><\/a>\n\t\t\t<\/div><\/figure><figure class='gallery-item'>\n\t\t\t<div class='gallery-icon landscape'>\n\t\t\t\t<a href='https:\/\/katolicka-gimnazija.hr\/wp-content\/uploads\/2023\/11\/278329505_5383615328324160_8229141400688433878_n.jpg'><img loading=\"lazy\" decoding=\"async\" width=\"300\" height=\"176\" src=\"https:\/\/katolicka-gimnazija.hr\/wp-content\/uploads\/2023\/11\/278329505_5383615328324160_8229141400688433878_n-300x176.jpg\" class=\"attachment-medium size-medium\" alt=\"\" srcset=\"https:\/\/katolicka-gimnazija.hr\/wp-content\/uploads\/2023\/11\/278329505_5383615328324160_8229141400688433878_n-300x176.jpg 300w, https:\/\/katolicka-gimnazija.hr\/wp-content\/uploads\/2023\/11\/278329505_5383615328324160_8229141400688433878_n-768x450.jpg 768w, https:\/\/katolicka-gimnazija.hr\/wp-content\/uploads\/2023\/11\/278329505_5383615328324160_8229141400688433878_n-400x234.jpg 400w, https:\/\/katolicka-gimnazija.hr\/wp-content\/uploads\/2023\/11\/278329505_5383615328324160_8229141400688433878_n.jpg 816w\" sizes=\"auto, (max-width: 300px) 100vw, 300px\" \/><\/a>\n\t\t\t<\/div><\/figure><figure class='gallery-item'>\n\t\t\t<div class='gallery-icon landscape'>\n\t\t\t\t<a href='https:\/\/katolicka-gimnazija.hr\/wp-content\/uploads\/2023\/11\/350487329_1007317430447502_4925707988206851018_n.jpg'><img loading=\"lazy\" decoding=\"async\" width=\"300\" height=\"170\" src=\"https:\/\/katolicka-gimnazija.hr\/wp-content\/uploads\/2023\/11\/350487329_1007317430447502_4925707988206851018_n-300x170.jpg\" class=\"attachment-medium size-medium\" alt=\"\" srcset=\"https:\/\/katolicka-gimnazija.hr\/wp-content\/uploads\/2023\/11\/350487329_1007317430447502_4925707988206851018_n-300x170.jpg 300w, https:\/\/katolicka-gimnazija.hr\/wp-content\/uploads\/2023\/11\/350487329_1007317430447502_4925707988206851018_n-1024x580.jpg 1024w, https:\/\/katolicka-gimnazija.hr\/wp-content\/uploads\/2023\/11\/350487329_1007317430447502_4925707988206851018_n-768x435.jpg 768w, https:\/\/katolicka-gimnazija.hr\/wp-content\/uploads\/2023\/11\/350487329_1007317430447502_4925707988206851018_n-1536x871.jpg 1536w, https:\/\/katolicka-gimnazija.hr\/wp-content\/uploads\/2023\/11\/350487329_1007317430447502_4925707988206851018_n-400x227.jpg 400w, https:\/\/katolicka-gimnazija.hr\/wp-content\/uploads\/2023\/11\/350487329_1007317430447502_4925707988206851018_n.jpg 1916w\" sizes=\"auto, (max-width: 300px) 100vw, 300px\" \/><\/a>\n\t\t\t<\/div><\/figure><figure class='gallery-item'>\n\t\t\t<div class='gallery-icon landscape'>\n\t\t\t\t<a href='https:\/\/katolicka-gimnazija.hr\/wp-content\/uploads\/2023\/11\/181477.jpg'><img loading=\"lazy\" decoding=\"async\" width=\"300\" height=\"225\" src=\"https:\/\/katolicka-gimnazija.hr\/wp-content\/uploads\/2023\/11\/181477-300x225.jpg\" class=\"attachment-medium size-medium\" alt=\"\" srcset=\"https:\/\/katolicka-gimnazija.hr\/wp-content\/uploads\/2023\/11\/181477-300x225.jpg 300w, https:\/\/katolicka-gimnazija.hr\/wp-content\/uploads\/2023\/11\/181477-768x576.jpg 768w, https:\/\/katolicka-gimnazija.hr\/wp-content\/uploads\/2023\/11\/181477-400x300.jpg 400w, https:\/\/katolicka-gimnazija.hr\/wp-content\/uploads\/2023\/11\/181477.jpg 1000w\" sizes=\"auto, (max-width: 300px) 100vw, 300px\" \/><\/a>\n\t\t\t<\/div><\/figure><figure class='gallery-item'>\n\t\t\t<div class='gallery-icon landscape'>\n\t\t\t\t<a href='https:\/\/katolicka-gimnazija.hr\/wp-content\/uploads\/2023\/11\/IMG_20230504_100602-2048x1536-1.jpg'><img loading=\"lazy\" decoding=\"async\" width=\"300\" height=\"225\" src=\"https:\/\/katolicka-gimnazija.hr\/wp-content\/uploads\/2023\/11\/IMG_20230504_100602-2048x1536-1-300x225.jpg\" class=\"attachment-medium size-medium\" alt=\"\" srcset=\"https:\/\/katolicka-gimnazija.hr\/wp-content\/uploads\/2023\/11\/IMG_20230504_100602-2048x1536-1-300x225.jpg 300w, https:\/\/katolicka-gimnazija.hr\/wp-content\/uploads\/2023\/11\/IMG_20230504_100602-2048x1536-1-1024x768.jpg 1024w, https:\/\/katolicka-gimnazija.hr\/wp-content\/uploads\/2023\/11\/IMG_20230504_100602-2048x1536-1-768x576.jpg 768w, https:\/\/katolicka-gimnazija.hr\/wp-content\/uploads\/2023\/11\/IMG_20230504_100602-2048x1536-1-1536x1152.jpg 1536w, https:\/\/katolicka-gimnazija.hr\/wp-content\/uploads\/2023\/11\/IMG_20230504_100602-2048x1536-1-400x300.jpg 400w, https:\/\/katolicka-gimnazija.hr\/wp-content\/uploads\/2023\/11\/IMG_20230504_100602-2048x1536-1.jpg 2048w\" sizes=\"auto, (max-width: 300px) 100vw, 300px\" \/><\/a>\n\t\t\t<\/div><\/figure><figure class='gallery-item'>\n\t\t\t<div class='gallery-icon landscape'>\n\t\t\t\t<a href='https:\/\/katolicka-gimnazija.hr\/wp-content\/uploads\/2023\/11\/278475478_5383615704990789_1040370321896827702_n.jpg'><img loading=\"lazy\" decoding=\"async\" width=\"300\" height=\"225\" src=\"https:\/\/katolicka-gimnazija.hr\/wp-content\/uploads\/2023\/11\/278475478_5383615704990789_1040370321896827702_n-300x225.jpg\" class=\"attachment-medium size-medium\" alt=\"\" srcset=\"https:\/\/katolicka-gimnazija.hr\/wp-content\/uploads\/2023\/11\/278475478_5383615704990789_1040370321896827702_n-300x225.jpg 300w, https:\/\/katolicka-gimnazija.hr\/wp-content\/uploads\/2023\/11\/278475478_5383615704990789_1040370321896827702_n-768x576.jpg 768w, https:\/\/katolicka-gimnazija.hr\/wp-content\/uploads\/2023\/11\/278475478_5383615704990789_1040370321896827702_n-400x300.jpg 400w, https:\/\/katolicka-gimnazija.hr\/wp-content\/uploads\/2023\/11\/278475478_5383615704990789_1040370321896827702_n.jpg 960w\" sizes=\"auto, (max-width: 300px) 100vw, 300px\" \/><\/a>\n\t\t\t<\/div><\/figure>\n\t\t<\/div>\n\n","protected":false},"excerpt":{"rendered":"<p>Volonterski klub Katoli\u010dke gimnazije zapo\u010deo je djelovanje u \u0161k. god 2021.\/22., a pokrenut je s ciljem aktualizacije na\u010dela kr\u0161\u0107anske ljubavi koja se temelje na Evan\u0111elju te koja duboko pro\u017eimaju identitet kako svakog vjernika, tako i katoli\u010dke \u0161kole. Volonterski klub \u017eeli kroz konkretan u\u010deni\u010dki karitativni anga\u017eman biti vidljivi znak zaokreta koji je u katoli\u010dkom \u0161kolstvu prona\u0161ao [&hellip;]<\/p>\n","protected":false},"author":99,"featured_media":30282,"parent":557,"menu_order":0,"comment_status":"closed","ping_status":"closed","template":"","meta":{"footnotes":""},"class_list":["post-27876","page","type-page","status-publish","has-post-thumbnail","hentry"],"_links":{"self":[{"href":"https:\/\/katolicka-gimnazija.hr\/index.php\/wp-json\/wp\/v2\/pages\/27876","targetHints":{"allow":["GET"]}}],"collection":[{"href":"https:\/\/katolicka-gimnazija.hr\/index.php\/wp-json\/wp\/v2\/pages"}],"about":[{"href":"https:\/\/katolicka-gimnazija.hr\/index.php\/wp-json\/wp\/v2\/types\/page"}],"author":[{"embeddable":true,"href":"https:\/\/katolicka-gimnazija.hr\/index.php\/wp-json\/wp\/v2\/users\/99"}],"replies":[{"embeddable":true,"href":"https:\/\/katolicka-gimnazija.hr\/index.php\/wp-json\/wp\/v2\/comments?post=27876"}],"version-history":[{"count":3,"href":"https:\/\/katolicka-gimnazija.hr\/index.php\/wp-json\/wp\/v2\/pages\/27876\/revisions"}],"predecessor-version":[{"id":30284,"href":"https:\/\/katolicka-gimnazija.hr\/index.php\/wp-json\/wp\/v2\/pages\/27876\/revisions\/30284"}],"up":[{"embeddable":true,"href":"https:\/\/katolicka-gimnazija.hr\/index.php\/wp-json\/wp\/v2\/pages\/557"}],"wp:featuredmedia":[{"embeddable":true,"href":"https:\/\/katolicka-gimnazija.hr\/index.php\/wp-json\/wp\/v2\/media\/30282"}],"wp:attachment":[{"href":"https:\/\/katolicka-gimnazija.hr\/index.php\/wp-json\/wp\/v2\/media?parent=27876"}],"curies":[{"name":"wp","href":"https:\/\/api.w.org\/{rel}","templated":true}]}}